{"id":6208,"date":"2026-04-16T23:04:07","date_gmt":"2026-04-16T21:04:07","guid":{"rendered":"https:\/\/www.wurlitzerballroom.com\/?post_type=mec-events&#038;p=6208"},"modified":"2026-04-16T23:04:07","modified_gmt":"2026-04-16T21:04:07","slug":"webo-webo","status":"publish","type":"mec-events","link":"https:\/\/www.wurlitzerballroom.com\/?mec-events=webo-webo","title":{"rendered":"WEBO WEBO"},"content":{"rendered":"<h2><b>Primera edici\u00f3n de WEBO WEBO en Madriz<\/b><\/h2>\n<p>El&nbsp;<b>jueves 14<\/b>&nbsp;nos veremos en&nbsp;<b>LA INTEGRAL<\/b>&nbsp;(C. del Le\u00f3n, 25) &#8211; Evento&nbsp;<b>GRATUITO<\/b>&nbsp;de presentaci\u00f3n del festival (+ info pr\u00f3ximamente en instagram de la tienda)<\/p>\n<p><b>Viernes 15&nbsp;<\/b>y<b>&nbsp;S\u00e1bado 16<\/b>&nbsp;TENEMOS FIESTA en&nbsp;<b>Wurlitzer Ballroom<\/b>&nbsp;(C\/ de las Tres Cruces 12) con nuestras bandas de punk favoritas del territorio nacional<\/p>\n<h4><b>Inicio de conciertos en Wurlitzer: 21.00 h&nbsp;<\/b>(comienza puntual)<br \/>\n<b>Abonos para ambos d\u00edas: 25.50\u20ac + GG<\/b><\/h4>\n<h4><b>Entradas por d\u00eda: 15\u20ac + GG<\/b><\/h4>\n","protected":false},"excerpt":{"rendered":"<p>Primera edici\u00f3n de WEBO WEBO en Madriz El&nbsp;jueves 14&nbsp;nos veremos en&nbsp;LA INTEGRAL&nbsp;(C. del Le\u00f3n, 25) &#8211; Evento&nbsp;GRATUITO&nbsp;de presentaci\u00f3n del festival (+ info pr\u00f3ximamente en instagram de la tienda) Viernes 15&nbsp;y&nbsp;S\u00e1bado 16&nbsp;TENEMOS FIESTA en&nbsp;Wurlitzer Ballroom&nbsp;(C\/ de las Tres Cruces 12) con nuestras bandas de punk favoritas del territorio nacional Inicio de conciertos en Wurlitzer: 21.00 h&nbsp;(comienza &hellip; <\/p>\n<p class=\"link-more\"><a href=\"https:\/\/www.wurlitzerballroom.com\/?mec-events=webo-webo\" class=\"more-link\">Continuar leyendo<span class=\"screen-reader-text\"> \u00abWEBO WEBO\u00bb<\/span><\/a><\/p>\n","protected":false},"author":2,"featured_media":6209,"comment_status":"closed","ping_status":"closed","template":"","meta":{"ngg_post_thumbnail":0},"tags":[],"mec_category":[8,6],"class_list":["post-6208","mec-events","type-mec-events","status-publish","has-post-thumbnail","hentry","mec_category-conciertos","mec_category-destacados"],"yoast_head":"<!-- This site is optimized with the Yoast SEO plugin v27.0 - https:\/\/yoast.com\/product\/yoast-seo-wordpress\/ -->\n<title>WEBO WEBO - WURLITZER BALLROOM<\/title>\n<meta name=\"robots\" content=\"index, follow, max-snippet:-1, max-image-preview:large, max-video-preview:-1\" \/>\n<link rel=\"canonical\" href=\"https:\/\/www.wurlitzerballroom.com\/?mec-events=webo-webo\" \/>\n<meta property=\"og:locale\" content=\"es_ES\" \/>\n<meta property=\"og:type\" content=\"article\" \/>\n<meta property=\"og:title\" content=\"WEBO WEBO - WURLITZER BALLROOM\" \/>\n<meta property=\"og:description\" content=\"Primera edici\u00f3n de WEBO WEBO en Madriz El&nbsp;jueves 14&nbsp;nos veremos en&nbsp;LA INTEGRAL&nbsp;(C. del Le\u00f3n, 25) &#8211; Evento&nbsp;GRATUITO&nbsp;de presentaci\u00f3n del festival (+ info pr\u00f3ximamente en instagram de la tienda) Viernes 15&nbsp;y&nbsp;S\u00e1bado 16&nbsp;TENEMOS FIESTA en&nbsp;Wurlitzer Ballroom&nbsp;(C\/ de las Tres Cruces 12) con nuestras bandas de punk favoritas del territorio nacional Inicio de conciertos en Wurlitzer: 21.00 h&nbsp;(comienza &hellip; Continuar leyendo &quot;WEBO WEBO&quot;\" \/>\n<meta property=\"og:url\" content=\"https:\/\/www.wurlitzerballroom.com\/?mec-events=webo-webo\" \/>\n<meta property=\"og:site_name\" content=\"WURLITZER BALLROOM\" \/>\n<meta property=\"article:publisher\" content=\"https:\/\/www.facebook.com\/wurlitzerballroom\" \/>\n<meta property=\"og:image\" content=\"https:\/\/www.wurlitzerballroom.com\/wp-content\/uploads\/2026\/04\/event_m_webo_entradium.png\" \/>\n\t<meta property=\"og:image:width\" content=\"255\" \/>\n\t<meta property=\"og:image:height\" content=\"359\" \/>\n\t<meta property=\"og:image:type\" content=\"image\/png\" \/>\n<meta name=\"twitter:card\" content=\"summary_large_image\" \/>\n<meta name=\"twitter:site\" content=\"@wurlitzerball\" \/>\n<meta name=\"twitter:label1\" content=\"Tiempo de lectura\" \/>\n\t<meta name=\"twitter:data1\" content=\"1 minuto\" \/>\n<script type=\"application\/ld+json\" class=\"yoast-schema-graph\">{\"@context\":\"https:\/\/schema.org\",\"@graph\":[{\"@type\":\"WebPage\",\"@id\":\"https:\/\/www.wurlitzerballroom.com\/?mec-events=webo-webo\",\"url\":\"https:\/\/www.wurlitzerballroom.com\/?mec-events=webo-webo\",\"name\":\"WEBO WEBO - WURLITZER BALLROOM\",\"isPartOf\":{\"@id\":\"https:\/\/www.wurlitzerballroom.com\/#website\"},\"primaryImageOfPage\":{\"@id\":\"https:\/\/www.wurlitzerballroom.com\/?mec-events=webo-webo#primaryimage\"},\"image\":{\"@id\":\"https:\/\/www.wurlitzerballroom.com\/?mec-events=webo-webo#primaryimage\"},\"thumbnailUrl\":\"https:\/\/www.wurlitzerballroom.com\/wp-content\/uploads\/2026\/04\/event_m_webo_entradium.png\",\"datePublished\":\"2026-04-16T21:04:07+00:00\",\"breadcrumb\":{\"@id\":\"https:\/\/www.wurlitzerballroom.com\/?mec-events=webo-webo#breadcrumb\"},\"inLanguage\":\"es\",\"potentialAction\":[{\"@type\":\"ReadAction\",\"target\":[\"https:\/\/www.wurlitzerballroom.com\/?mec-events=webo-webo\"]}]},{\"@type\":\"ImageObject\",\"inLanguage\":\"es\",\"@id\":\"https:\/\/www.wurlitzerballroom.com\/?mec-events=webo-webo#primaryimage\",\"url\":\"https:\/\/www.wurlitzerballroom.com\/wp-content\/uploads\/2026\/04\/event_m_webo_entradium.png\",\"contentUrl\":\"https:\/\/www.wurlitzerballroom.com\/wp-content\/uploads\/2026\/04\/event_m_webo_entradium.png\",\"width\":255,\"height\":359},{\"@type\":\"BreadcrumbList\",\"@id\":\"https:\/\/www.wurlitzerballroom.com\/?mec-events=webo-webo#breadcrumb\",\"itemListElement\":[{\"@type\":\"ListItem\",\"position\":1,\"name\":\"Portada\",\"item\":\"https:\/\/www.wurlitzerballroom.com\/\"},{\"@type\":\"ListItem\",\"position\":2,\"name\":\"Eventos\",\"item\":\"https:\/\/www.wurlitzerballroom.com\/?post_type=mec-events\"},{\"@type\":\"ListItem\",\"position\":3,\"name\":\"WEBO WEBO\"}]},{\"@type\":\"WebSite\",\"@id\":\"https:\/\/www.wurlitzerballroom.com\/#website\",\"url\":\"https:\/\/www.wurlitzerballroom.com\/\",\"name\":\"WURLITZER BALLROOM\",\"description\":\"Madrid best uderground rock venue\",\"publisher\":{\"@id\":\"https:\/\/www.wurlitzerballroom.com\/#organization\"},\"potentialAction\":[{\"@type\":\"SearchAction\",\"target\":{\"@type\":\"EntryPoint\",\"urlTemplate\":\"https:\/\/www.wurlitzerballroom.com\/?s={search_term_string}\"},\"query-input\":{\"@type\":\"PropertyValueSpecification\",\"valueRequired\":true,\"valueName\":\"search_term_string\"}}],\"inLanguage\":\"es\"},{\"@type\":\"Organization\",\"@id\":\"https:\/\/www.wurlitzerballroom.com\/#organization\",\"name\":\"WURLITZER BALLROOM\",\"alternateName\":\"WURLI\",\"url\":\"https:\/\/www.wurlitzerballroom.com\/\",\"logo\":{\"@type\":\"ImageObject\",\"inLanguage\":\"es\",\"@id\":\"https:\/\/www.wurlitzerballroom.com\/#\/schema\/logo\/image\/\",\"url\":\"https:\/\/www.wurlitzerballroom.com\/wp-content\/uploads\/2020\/05\/logo300_web-1.jpg\",\"contentUrl\":\"https:\/\/www.wurlitzerballroom.com\/wp-content\/uploads\/2020\/05\/logo300_web-1.jpg\",\"width\":851,\"height\":315,\"caption\":\"WURLITZER BALLROOM\"},\"image\":{\"@id\":\"https:\/\/www.wurlitzerballroom.com\/#\/schema\/logo\/image\/\"},\"sameAs\":[\"https:\/\/www.facebook.com\/wurlitzerballroom\",\"https:\/\/x.com\/wurlitzerball\",\"https:\/\/www.instagram.com\/wurlitzerballroom\",\"https:\/\/open.spotify.com\/user\/11131570866?si=9994fd4ace8d4ea5\"]}]}<\/script>\n<!-- \/ Yoast SEO plugin. -->","yoast_head_json":{"title":"WEBO WEBO - WURLITZER BALLROOM","robots":{"index":"index","follow":"follow","max-snippet":"max-snippet:-1","max-image-preview":"max-image-preview:large","max-video-preview":"max-video-preview:-1"},"canonical":"https:\/\/www.wurlitzerballroom.com\/?mec-events=webo-webo","og_locale":"es_ES","og_type":"article","og_title":"WEBO WEBO - WURLITZER BALLROOM","og_description":"Primera edici\u00f3n de WEBO WEBO en Madriz El&nbsp;jueves 14&nbsp;nos veremos en&nbsp;LA INTEGRAL&nbsp;(C. del Le\u00f3n, 25) &#8211; Evento&nbsp;GRATUITO&nbsp;de presentaci\u00f3n del festival (+ info pr\u00f3ximamente en instagram de la tienda) Viernes 15&nbsp;y&nbsp;S\u00e1bado 16&nbsp;TENEMOS FIESTA en&nbsp;Wurlitzer Ballroom&nbsp;(C\/ de las Tres Cruces 12) con nuestras bandas de punk favoritas del territorio nacional Inicio de conciertos en Wurlitzer: 21.00 h&nbsp;(comienza &hellip; Continuar leyendo \"WEBO WEBO\"","og_url":"https:\/\/www.wurlitzerballroom.com\/?mec-events=webo-webo","og_site_name":"WURLITZER BALLROOM","article_publisher":"https:\/\/www.facebook.com\/wurlitzerballroom","og_image":[{"width":255,"height":359,"url":"https:\/\/www.wurlitzerballroom.com\/wp-content\/uploads\/2026\/04\/event_m_webo_entradium.png","type":"image\/png"}],"twitter_card":"summary_large_image","twitter_site":"@wurlitzerball","twitter_misc":{"Tiempo de lectura":"1 minuto"},"schema":{"@context":"https:\/\/schema.org","@graph":[{"@type":"WebPage","@id":"https:\/\/www.wurlitzerballroom.com\/?mec-events=webo-webo","url":"https:\/\/www.wurlitzerballroom.com\/?mec-events=webo-webo","name":"WEBO WEBO - WURLITZER BALLROOM","isPartOf":{"@id":"https:\/\/www.wurlitzerballroom.com\/#website"},"primaryImageOfPage":{"@id":"https:\/\/www.wurlitzerballroom.com\/?mec-events=webo-webo#primaryimage"},"image":{"@id":"https:\/\/www.wurlitzerballroom.com\/?mec-events=webo-webo#primaryimage"},"thumbnailUrl":"https:\/\/www.wurlitzerballroom.com\/wp-content\/uploads\/2026\/04\/event_m_webo_entradium.png","datePublished":"2026-04-16T21:04:07+00:00","breadcrumb":{"@id":"https:\/\/www.wurlitzerballroom.com\/?mec-events=webo-webo#breadcrumb"},"inLanguage":"es","potentialAction":[{"@type":"ReadAction","target":["https:\/\/www.wurlitzerballroom.com\/?mec-events=webo-webo"]}]},{"@type":"ImageObject","inLanguage":"es","@id":"https:\/\/www.wurlitzerballroom.com\/?mec-events=webo-webo#primaryimage","url":"https:\/\/www.wurlitzerballroom.com\/wp-content\/uploads\/2026\/04\/event_m_webo_entradium.png","contentUrl":"https:\/\/www.wurlitzerballroom.com\/wp-content\/uploads\/2026\/04\/event_m_webo_entradium.png","width":255,"height":359},{"@type":"BreadcrumbList","@id":"https:\/\/www.wurlitzerballroom.com\/?mec-events=webo-webo#breadcrumb","itemListElement":[{"@type":"ListItem","position":1,"name":"Portada","item":"https:\/\/www.wurlitzerballroom.com\/"},{"@type":"ListItem","position":2,"name":"Eventos","item":"https:\/\/www.wurlitzerballroom.com\/?post_type=mec-events"},{"@type":"ListItem","position":3,"name":"WEBO WEBO"}]},{"@type":"WebSite","@id":"https:\/\/www.wurlitzerballroom.com\/#website","url":"https:\/\/www.wurlitzerballroom.com\/","name":"WURLITZER BALLROOM","description":"Madrid best uderground rock venue","publisher":{"@id":"https:\/\/www.wurlitzerballroom.com\/#organization"},"potentialAction":[{"@type":"SearchAction","target":{"@type":"EntryPoint","urlTemplate":"https:\/\/www.wurlitzerballroom.com\/?s={search_term_string}"},"query-input":{"@type":"PropertyValueSpecification","valueRequired":true,"valueName":"search_term_string"}}],"inLanguage":"es"},{"@type":"Organization","@id":"https:\/\/www.wurlitzerballroom.com\/#organization","name":"WURLITZER BALLROOM","alternateName":"WURLI","url":"https:\/\/www.wurlitzerballroom.com\/","logo":{"@type":"ImageObject","inLanguage":"es","@id":"https:\/\/www.wurlitzerballroom.com\/#\/schema\/logo\/image\/","url":"https:\/\/www.wurlitzerballroom.com\/wp-content\/uploads\/2020\/05\/logo300_web-1.jpg","contentUrl":"https:\/\/www.wurlitzerballroom.com\/wp-content\/uploads\/2020\/05\/logo300_web-1.jpg","width":851,"height":315,"caption":"WURLITZER BALLROOM"},"image":{"@id":"https:\/\/www.wurlitzerballroom.com\/#\/schema\/logo\/image\/"},"sameAs":["https:\/\/www.facebook.com\/wurlitzerballroom","https:\/\/x.com\/wurlitzerball","https:\/\/www.instagram.com\/wurlitzerballroom","https:\/\/open.spotify.com\/user\/11131570866?si=9994fd4ace8d4ea5"]}]}},"_links":{"self":[{"href":"https:\/\/www.wurlitzerballroom.com\/index.php?rest_route=\/wp\/v2\/mec-events\/6208","targetHints":{"allow":["GET"]}}],"collection":[{"href":"https:\/\/www.wurlitzerballroom.com\/index.php?rest_route=\/wp\/v2\/mec-events"}],"about":[{"href":"https:\/\/www.wurlitzerballroom.com\/index.php?rest_route=\/wp\/v2\/types\/mec-events"}],"author":[{"embeddable":true,"href":"https:\/\/www.wurlitzerballroom.com\/index.php?rest_route=\/wp\/v2\/users\/2"}],"replies":[{"embeddable":true,"href":"https:\/\/www.wurlitzerballroom.com\/index.php?rest_route=%2Fwp%2Fv2%2Fcomments&post=6208"}],"version-history":[{"count":1,"href":"https:\/\/www.wurlitzerballroom.com\/index.php?rest_route=\/wp\/v2\/mec-events\/6208\/revisions"}],"predecessor-version":[{"id":6210,"href":"https:\/\/www.wurlitzerballroom.com\/index.php?rest_route=\/wp\/v2\/mec-events\/6208\/revisions\/6210"}],"wp:featuredmedia":[{"embeddable":true,"href":"https:\/\/www.wurlitzerballroom.com\/index.php?rest_route=\/wp\/v2\/media\/6209"}],"wp:attachment":[{"href":"https:\/\/www.wurlitzerballroom.com\/index.php?rest_route=%2Fwp%2Fv2%2Fmedia&parent=6208"}],"wp:term":[{"taxonomy":"post_tag","embeddable":true,"href":"https:\/\/www.wurlitzerballroom.com\/index.php?rest_route=%2Fwp%2Fv2%2Ftags&post=6208"},{"taxonomy":"mec_category","embeddable":true,"href":"https:\/\/www.wurlitzerballroom.com\/index.php?rest_route=%2Fwp%2Fv2%2Fmec_category&post=6208"}],"curies":[{"name":"wp","href":"https:\/\/api.w.org\/{rel}","templated":true}]}}