{"id":6205,"date":"2026-04-16T22:58:42","date_gmt":"2026-04-16T20:58:42","guid":{"rendered":"https:\/\/www.wurlitzerballroom.com\/?post_type=mec-events&#038;p=6205"},"modified":"2026-04-16T22:58:42","modified_gmt":"2026-04-16T20:58:42","slug":"sonny-vincent-the-blackbones","status":"publish","type":"mec-events","link":"https:\/\/www.wurlitzerballroom.com\/?mec-events=sonny-vincent-the-blackbones","title":{"rendered":"Sonny Vincent + the Blackbones"},"content":{"rendered":"<p>&nbsp;La escena punk rock est\u00e1 de celebraci\u00f3n.&nbsp;<strong>Sonny Vincent<\/strong>, figura clave de la explosi\u00f3n del punk neoyorquino de mediados de los 70, regresa a la pen\u00ednsula para demostrar por qu\u00e9 sigue siendo uno de los artistas m\u00e1s viscerales y aut\u00e9nticos del g\u00e9nero. Su \u00fanica parada en Madrid ser\u00e1 el&nbsp;<strong>14 de mayo en la Sala Wurlitzer Ballroom<\/strong>, acompa\u00f1ado de&nbsp;<strong class=\"\">The Blackbones<\/strong>&nbsp;como banda invitada.<\/p>\n<hr>\n<h3 class=\"\"><strong class=\"\">Un superviviente real<\/strong><\/h3>\n<div class=\"paragraph\">Desde la fundaci\u00f3n de los m\u00edticos&nbsp;<strong>The Testors en 1976<\/strong>&nbsp;hasta sus trabajos m\u00e1s recientes como&nbsp;<strong>Spiteful<\/strong>, el repertorio de Vincent es un viaje incendiario por el mejor punk &#8216;n&#8217; roll del planeta. A lo largo de su carrera ha colaborado con la realeza del rock:&nbsp;<strong>Moe Tucker, Sterling Morrison y Lou Reed<\/strong>&nbsp;(Velvet Underground),&nbsp;<strong class=\"\">Wayne Kramer<\/strong>&nbsp;(MC5),&nbsp;<strong class=\"\">Scott Asheton<\/strong>&nbsp;(The Stooges) o&nbsp;<strong class=\"\">Glen Matlock<\/strong>&nbsp;(Sex Pistols).<\/div>\n<div class=\"paragraph\">Para esta gira por Espa\u00f1a, Vincent se ha rodeado de una formaci\u00f3n de aut\u00e9ntico impacto:&nbsp;<strong>Cleve y Jawa<\/strong>&nbsp;(The Capaces), quienes ya demostraron su qu\u00edmica con el neoyorquino en su \u00faltimo tour por la costa este de EE.UU., m\u00e1s&nbsp;<strong>Alex \u00abCarmonkey\u00bb<\/strong>&nbsp;a la bater\u00eda (Cachemira). Una banda de lujo que promete una descarga de energ\u00eda pura y swing salvaje.<\/div>\n<hr>\n<h3 class=\"\"><strong>The Blackbones: punk made in Madrid<\/strong><\/h3>\n<div class=\"paragraph\">Como teloneros,&nbsp;<strong>The Blackbones<\/strong>&nbsp;traen el sonido crudo de la capital. Formados en 2022, este tr\u00edo autogestionado \u2014<strong class=\"\">Nate Bautista<\/strong>&nbsp;(voz y bajo),&nbsp;<strong>Daniel Almeida<\/strong>&nbsp;(guitarra y coros) y&nbsp;<strong>Edu S\u00e1nchez<\/strong>&nbsp;(bater\u00eda y coros)\u2014 recupera el rock &amp; roll y el punk caracter\u00edstico de los a\u00f1os 70 con trazas de metal.<\/div>\n<div class=\"paragraph\">Tras su EP debut&nbsp;<em>Free to Record<\/em>&nbsp;(2022) y el single&nbsp;<em>The Other May<\/em>&nbsp;(2023), la banda ha consolidado una propuesta visceral que encaja a la perfecci\u00f3n con el esp\u00edritu de la velada.<\/div>\n<div>&nbsp;<\/div>\n<div>\n<p><iframe title=\"Spotify Embed: Sonny Vincent\" style=\"border-radius: 12px\" width=\"100%\" height=\"352\" frameborder=\"0\" allowfullscreen allow=\"autoplay; clipboard-write; encrypted-media; fullscreen; picture-in-picture\" loading=\"lazy\" src=\"https:\/\/open.spotify.com\/embed\/artist\/5zXFJAM37R90rf8v5YN4CW?si=DvGuVMjQSMmsCbuLdPSm2w&amp;utm_source=oembed\"><\/iframe><\/p>\n<p><iframe title=\"Spotify Embed: The Blackbones\" style=\"border-radius: 12px\" width=\"100%\" height=\"352\" frameborder=\"0\" allowfullscreen allow=\"autoplay; clipboard-write; encrypted-media; fullscreen; picture-in-picture\" loading=\"lazy\" src=\"https:\/\/open.spotify.com\/embed\/artist\/47ptnJsTiDCnun1orog87m?si=wke1DVMBSySQYQTu4TtHAA&amp;utm_source=oembed\"><\/iframe><\/p>\n<\/div>\n","protected":false},"excerpt":{"rendered":"<p>&nbsp;La escena punk rock est\u00e1 de celebraci\u00f3n.&nbsp;Sonny Vincent, figura clave de la explosi\u00f3n del punk neoyorquino de mediados de los 70, regresa a la pen\u00ednsula para demostrar por qu\u00e9 sigue siendo uno de los artistas m\u00e1s viscerales y aut\u00e9nticos del g\u00e9nero. Su \u00fanica parada en Madrid ser\u00e1 el&nbsp;14 de mayo en la Sala Wurlitzer Ballroom, &hellip; <\/p>\n<p class=\"link-more\"><a href=\"https:\/\/www.wurlitzerballroom.com\/?mec-events=sonny-vincent-the-blackbones\" class=\"more-link\">Continuar leyendo<span class=\"screen-reader-text\"> \u00abSonny Vincent + the Blackbones\u00bb<\/span><\/a><\/p>\n","protected":false},"author":2,"featured_media":6206,"comment_status":"closed","ping_status":"closed","template":"","meta":{"ngg_post_thumbnail":0},"tags":[],"mec_category":[8,6],"class_list":["post-6205","mec-events","type-mec-events","status-publish","has-post-thumbnail","hentry","mec_category-conciertos","mec_category-destacados"],"yoast_head":"<!-- This site is optimized with the Yoast SEO plugin v27.0 - https:\/\/yoast.com\/product\/yoast-seo-wordpress\/ -->\n<title>Sonny Vincent + the Blackbones - WURLITZER BALLROOM<\/title>\n<meta name=\"robots\" content=\"index, follow, max-snippet:-1, max-image-preview:large, max-video-preview:-1\" \/>\n<link rel=\"canonical\" href=\"https:\/\/www.wurlitzerballroom.com\/?mec-events=sonny-vincent-the-blackbones\" \/>\n<meta property=\"og:locale\" content=\"es_ES\" \/>\n<meta property=\"og:type\" content=\"article\" \/>\n<meta property=\"og:title\" content=\"Sonny Vincent + the Blackbones - WURLITZER BALLROOM\" \/>\n<meta property=\"og:description\" content=\"&nbsp;La escena punk rock est\u00e1 de celebraci\u00f3n.&nbsp;Sonny Vincent, figura clave de la explosi\u00f3n del punk neoyorquino de mediados de los 70, regresa a la pen\u00ednsula para demostrar por qu\u00e9 sigue siendo uno de los artistas m\u00e1s viscerales y aut\u00e9nticos del g\u00e9nero. Su \u00fanica parada en Madrid ser\u00e1 el&nbsp;14 de mayo en la Sala Wurlitzer Ballroom, &hellip; Continuar leyendo &quot;Sonny Vincent + the Blackbones&quot;\" \/>\n<meta property=\"og:url\" content=\"https:\/\/www.wurlitzerballroom.com\/?mec-events=sonny-vincent-the-blackbones\" \/>\n<meta property=\"og:site_name\" content=\"WURLITZER BALLROOM\" \/>\n<meta property=\"article:publisher\" content=\"https:\/\/www.facebook.com\/wurlitzerballroom\" \/>\n<meta property=\"og:image\" content=\"https:\/\/www.wurlitzerballroom.com\/wp-content\/uploads\/2026\/04\/SONNY-VINCENTPEQ.jpg\" \/>\n\t<meta property=\"og:image:width\" content=\"316\" \/>\n\t<meta property=\"og:image:height\" content=\"447\" \/>\n\t<meta property=\"og:image:type\" content=\"image\/jpeg\" \/>\n<meta name=\"twitter:card\" content=\"summary_large_image\" \/>\n<meta name=\"twitter:site\" content=\"@wurlitzerball\" \/>\n<meta name=\"twitter:label1\" content=\"Tiempo de lectura\" \/>\n\t<meta name=\"twitter:data1\" content=\"2 minutos\" \/>\n<script type=\"application\/ld+json\" class=\"yoast-schema-graph\">{\"@context\":\"https:\/\/schema.org\",\"@graph\":[{\"@type\":\"WebPage\",\"@id\":\"https:\/\/www.wurlitzerballroom.com\/?mec-events=sonny-vincent-the-blackbones\",\"url\":\"https:\/\/www.wurlitzerballroom.com\/?mec-events=sonny-vincent-the-blackbones\",\"name\":\"Sonny Vincent + the Blackbones - WURLITZER BALLROOM\",\"isPartOf\":{\"@id\":\"https:\/\/www.wurlitzerballroom.com\/#website\"},\"primaryImageOfPage\":{\"@id\":\"https:\/\/www.wurlitzerballroom.com\/?mec-events=sonny-vincent-the-blackbones#primaryimage\"},\"image\":{\"@id\":\"https:\/\/www.wurlitzerballroom.com\/?mec-events=sonny-vincent-the-blackbones#primaryimage\"},\"thumbnailUrl\":\"https:\/\/www.wurlitzerballroom.com\/wp-content\/uploads\/2026\/04\/SONNY-VINCENTPEQ.jpg\",\"datePublished\":\"2026-04-16T20:58:42+00:00\",\"breadcrumb\":{\"@id\":\"https:\/\/www.wurlitzerballroom.com\/?mec-events=sonny-vincent-the-blackbones#breadcrumb\"},\"inLanguage\":\"es\",\"potentialAction\":[{\"@type\":\"ReadAction\",\"target\":[\"https:\/\/www.wurlitzerballroom.com\/?mec-events=sonny-vincent-the-blackbones\"]}]},{\"@type\":\"ImageObject\",\"inLanguage\":\"es\",\"@id\":\"https:\/\/www.wurlitzerballroom.com\/?mec-events=sonny-vincent-the-blackbones#primaryimage\",\"url\":\"https:\/\/www.wurlitzerballroom.com\/wp-content\/uploads\/2026\/04\/SONNY-VINCENTPEQ.jpg\",\"contentUrl\":\"https:\/\/www.wurlitzerballroom.com\/wp-content\/uploads\/2026\/04\/SONNY-VINCENTPEQ.jpg\",\"width\":316,\"height\":447},{\"@type\":\"BreadcrumbList\",\"@id\":\"https:\/\/www.wurlitzerballroom.com\/?mec-events=sonny-vincent-the-blackbones#breadcrumb\",\"itemListElement\":[{\"@type\":\"ListItem\",\"position\":1,\"name\":\"Portada\",\"item\":\"https:\/\/www.wurlitzerballroom.com\/\"},{\"@type\":\"ListItem\",\"position\":2,\"name\":\"Eventos\",\"item\":\"https:\/\/www.wurlitzerballroom.com\/?post_type=mec-events\"},{\"@type\":\"ListItem\",\"position\":3,\"name\":\"Sonny Vincent + the Blackbones\"}]},{\"@type\":\"WebSite\",\"@id\":\"https:\/\/www.wurlitzerballroom.com\/#website\",\"url\":\"https:\/\/www.wurlitzerballroom.com\/\",\"name\":\"WURLITZER BALLROOM\",\"description\":\"Madrid best uderground rock venue\",\"publisher\":{\"@id\":\"https:\/\/www.wurlitzerballroom.com\/#organization\"},\"potentialAction\":[{\"@type\":\"SearchAction\",\"target\":{\"@type\":\"EntryPoint\",\"urlTemplate\":\"https:\/\/www.wurlitzerballroom.com\/?s={search_term_string}\"},\"query-input\":{\"@type\":\"PropertyValueSpecification\",\"valueRequired\":true,\"valueName\":\"search_term_string\"}}],\"inLanguage\":\"es\"},{\"@type\":\"Organization\",\"@id\":\"https:\/\/www.wurlitzerballroom.com\/#organization\",\"name\":\"WURLITZER BALLROOM\",\"alternateName\":\"WURLI\",\"url\":\"https:\/\/www.wurlitzerballroom.com\/\",\"logo\":{\"@type\":\"ImageObject\",\"inLanguage\":\"es\",\"@id\":\"https:\/\/www.wurlitzerballroom.com\/#\/schema\/logo\/image\/\",\"url\":\"https:\/\/www.wurlitzerballroom.com\/wp-content\/uploads\/2020\/05\/logo300_web-1.jpg\",\"contentUrl\":\"https:\/\/www.wurlitzerballroom.com\/wp-content\/uploads\/2020\/05\/logo300_web-1.jpg\",\"width\":851,\"height\":315,\"caption\":\"WURLITZER BALLROOM\"},\"image\":{\"@id\":\"https:\/\/www.wurlitzerballroom.com\/#\/schema\/logo\/image\/\"},\"sameAs\":[\"https:\/\/www.facebook.com\/wurlitzerballroom\",\"https:\/\/x.com\/wurlitzerball\",\"https:\/\/www.instagram.com\/wurlitzerballroom\",\"https:\/\/open.spotify.com\/user\/11131570866?si=9994fd4ace8d4ea5\"]}]}<\/script>\n<!-- \/ Yoast SEO plugin. -->","yoast_head_json":{"title":"Sonny Vincent + the Blackbones - WURLITZER BALLROOM","robots":{"index":"index","follow":"follow","max-snippet":"max-snippet:-1","max-image-preview":"max-image-preview:large","max-video-preview":"max-video-preview:-1"},"canonical":"https:\/\/www.wurlitzerballroom.com\/?mec-events=sonny-vincent-the-blackbones","og_locale":"es_ES","og_type":"article","og_title":"Sonny Vincent + the Blackbones - WURLITZER BALLROOM","og_description":"&nbsp;La escena punk rock est\u00e1 de celebraci\u00f3n.&nbsp;Sonny Vincent, figura clave de la explosi\u00f3n del punk neoyorquino de mediados de los 70, regresa a la pen\u00ednsula para demostrar por qu\u00e9 sigue siendo uno de los artistas m\u00e1s viscerales y aut\u00e9nticos del g\u00e9nero. Su \u00fanica parada en Madrid ser\u00e1 el&nbsp;14 de mayo en la Sala Wurlitzer Ballroom, &hellip; Continuar leyendo \"Sonny Vincent + the Blackbones\"","og_url":"https:\/\/www.wurlitzerballroom.com\/?mec-events=sonny-vincent-the-blackbones","og_site_name":"WURLITZER BALLROOM","article_publisher":"https:\/\/www.facebook.com\/wurlitzerballroom","og_image":[{"width":316,"height":447,"url":"https:\/\/www.wurlitzerballroom.com\/wp-content\/uploads\/2026\/04\/SONNY-VINCENTPEQ.jpg","type":"image\/jpeg"}],"twitter_card":"summary_large_image","twitter_site":"@wurlitzerball","twitter_misc":{"Tiempo de lectura":"2 minutos"},"schema":{"@context":"https:\/\/schema.org","@graph":[{"@type":"WebPage","@id":"https:\/\/www.wurlitzerballroom.com\/?mec-events=sonny-vincent-the-blackbones","url":"https:\/\/www.wurlitzerballroom.com\/?mec-events=sonny-vincent-the-blackbones","name":"Sonny Vincent + the Blackbones - WURLITZER BALLROOM","isPartOf":{"@id":"https:\/\/www.wurlitzerballroom.com\/#website"},"primaryImageOfPage":{"@id":"https:\/\/www.wurlitzerballroom.com\/?mec-events=sonny-vincent-the-blackbones#primaryimage"},"image":{"@id":"https:\/\/www.wurlitzerballroom.com\/?mec-events=sonny-vincent-the-blackbones#primaryimage"},"thumbnailUrl":"https:\/\/www.wurlitzerballroom.com\/wp-content\/uploads\/2026\/04\/SONNY-VINCENTPEQ.jpg","datePublished":"2026-04-16T20:58:42+00:00","breadcrumb":{"@id":"https:\/\/www.wurlitzerballroom.com\/?mec-events=sonny-vincent-the-blackbones#breadcrumb"},"inLanguage":"es","potentialAction":[{"@type":"ReadAction","target":["https:\/\/www.wurlitzerballroom.com\/?mec-events=sonny-vincent-the-blackbones"]}]},{"@type":"ImageObject","inLanguage":"es","@id":"https:\/\/www.wurlitzerballroom.com\/?mec-events=sonny-vincent-the-blackbones#primaryimage","url":"https:\/\/www.wurlitzerballroom.com\/wp-content\/uploads\/2026\/04\/SONNY-VINCENTPEQ.jpg","contentUrl":"https:\/\/www.wurlitzerballroom.com\/wp-content\/uploads\/2026\/04\/SONNY-VINCENTPEQ.jpg","width":316,"height":447},{"@type":"BreadcrumbList","@id":"https:\/\/www.wurlitzerballroom.com\/?mec-events=sonny-vincent-the-blackbones#breadcrumb","itemListElement":[{"@type":"ListItem","position":1,"name":"Portada","item":"https:\/\/www.wurlitzerballroom.com\/"},{"@type":"ListItem","position":2,"name":"Eventos","item":"https:\/\/www.wurlitzerballroom.com\/?post_type=mec-events"},{"@type":"ListItem","position":3,"name":"Sonny Vincent + the Blackbones"}]},{"@type":"WebSite","@id":"https:\/\/www.wurlitzerballroom.com\/#website","url":"https:\/\/www.wurlitzerballroom.com\/","name":"WURLITZER BALLROOM","description":"Madrid best uderground rock venue","publisher":{"@id":"https:\/\/www.wurlitzerballroom.com\/#organization"},"potentialAction":[{"@type":"SearchAction","target":{"@type":"EntryPoint","urlTemplate":"https:\/\/www.wurlitzerballroom.com\/?s={search_term_string}"},"query-input":{"@type":"PropertyValueSpecification","valueRequired":true,"valueName":"search_term_string"}}],"inLanguage":"es"},{"@type":"Organization","@id":"https:\/\/www.wurlitzerballroom.com\/#organization","name":"WURLITZER BALLROOM","alternateName":"WURLI","url":"https:\/\/www.wurlitzerballroom.com\/","logo":{"@type":"ImageObject","inLanguage":"es","@id":"https:\/\/www.wurlitzerballroom.com\/#\/schema\/logo\/image\/","url":"https:\/\/www.wurlitzerballroom.com\/wp-content\/uploads\/2020\/05\/logo300_web-1.jpg","contentUrl":"https:\/\/www.wurlitzerballroom.com\/wp-content\/uploads\/2020\/05\/logo300_web-1.jpg","width":851,"height":315,"caption":"WURLITZER BALLROOM"},"image":{"@id":"https:\/\/www.wurlitzerballroom.com\/#\/schema\/logo\/image\/"},"sameAs":["https:\/\/www.facebook.com\/wurlitzerballroom","https:\/\/x.com\/wurlitzerball","https:\/\/www.instagram.com\/wurlitzerballroom","https:\/\/open.spotify.com\/user\/11131570866?si=9994fd4ace8d4ea5"]}]}},"_links":{"self":[{"href":"https:\/\/www.wurlitzerballroom.com\/index.php?rest_route=\/wp\/v2\/mec-events\/6205","targetHints":{"allow":["GET"]}}],"collection":[{"href":"https:\/\/www.wurlitzerballroom.com\/index.php?rest_route=\/wp\/v2\/mec-events"}],"about":[{"href":"https:\/\/www.wurlitzerballroom.com\/index.php?rest_route=\/wp\/v2\/types\/mec-events"}],"author":[{"embeddable":true,"href":"https:\/\/www.wurlitzerballroom.com\/index.php?rest_route=\/wp\/v2\/users\/2"}],"replies":[{"embeddable":true,"href":"https:\/\/www.wurlitzerballroom.com\/index.php?rest_route=%2Fwp%2Fv2%2Fcomments&post=6205"}],"version-history":[{"count":1,"href":"https:\/\/www.wurlitzerballroom.com\/index.php?rest_route=\/wp\/v2\/mec-events\/6205\/revisions"}],"predecessor-version":[{"id":6207,"href":"https:\/\/www.wurlitzerballroom.com\/index.php?rest_route=\/wp\/v2\/mec-events\/6205\/revisions\/6207"}],"wp:featuredmedia":[{"embeddable":true,"href":"https:\/\/www.wurlitzerballroom.com\/index.php?rest_route=\/wp\/v2\/media\/6206"}],"wp:attachment":[{"href":"https:\/\/www.wurlitzerballroom.com\/index.php?rest_route=%2Fwp%2Fv2%2Fmedia&parent=6205"}],"wp:term":[{"taxonomy":"post_tag","embeddable":true,"href":"https:\/\/www.wurlitzerballroom.com\/index.php?rest_route=%2Fwp%2Fv2%2Ftags&post=6205"},{"taxonomy":"mec_category","embeddable":true,"href":"https:\/\/www.wurlitzerballroom.com\/index.php?rest_route=%2Fwp%2Fv2%2Fmec_category&post=6205"}],"curies":[{"name":"wp","href":"https:\/\/api.w.org\/{rel}","templated":true}]}}