{"id":5986,"date":"2026-02-24T19:17:14","date_gmt":"2026-02-24T18:17:14","guid":{"rendered":"https:\/\/www.wurlitzerballroom.com\/?post_type=mec-events&#038;p=5986"},"modified":"2026-03-24T21:25:10","modified_gmt":"2026-03-24T20:25:10","slug":"per-verso","status":"publish","type":"mec-events","link":"https:\/\/www.wurlitzerballroom.com\/?mec-events=per-verso","title":{"rendered":"PER VERSO"},"content":{"rendered":"<p>PER VERSO es el proyecto musical de Nacho de Castro, rock de autor para estos tiempos absurdos, canciones honestas y emocionales que se miran en el espejo de los grandes cl\u00e1sicos a trav\u00e9s de un prisma de contemporaneidad.<\/p>\n<p>\u00abApuntes para un bestiario emocional\u00bb es su primer \u00e1lbum, auto-producido y auto-editado, disponible en plataformas desde septiembre de 2025.<\/p>\n<p>Para su puesta en escena en directo, PER VERSO cuenta con pesos pesados de la escena madrile\u00f1a: Juan Acebo a la guitarra, Dan Magana al bajo, Cristian Vel\u00e1squez a la bater\u00eda, y \u00c1lvaro Mart\u00ednez a las teclas.<\/p>\n<p><iframe title=\"Spotify Embed: Per Verso\" style=\"border-radius: 12px\" width=\"100%\" height=\"352\" frameborder=\"0\" allowfullscreen allow=\"autoplay; clipboard-write; encrypted-media; fullscreen; picture-in-picture\" loading=\"lazy\" src=\"https:\/\/open.spotify.com\/embed\/artist\/0nvch8dLgcRcbriEKdokZg?si=FSCbIgAyRNCcKncrFiAqLw&amp;utm_source=oembed\"><\/iframe><\/p>\n","protected":false},"excerpt":{"rendered":"<p>PER VERSO es el proyecto musical de Nacho de Castro, rock de autor para estos tiempos absurdos, canciones honestas y emocionales que se miran en el espejo de los grandes cl\u00e1sicos a trav\u00e9s de un prisma de contemporaneidad. \u00abApuntes para un bestiario emocional\u00bb es su primer \u00e1lbum, auto-producido y auto-editado, disponible en plataformas desde septiembre &hellip; <\/p>\n<p class=\"link-more\"><a href=\"https:\/\/www.wurlitzerballroom.com\/?mec-events=per-verso\" class=\"more-link\">Continuar leyendo<span class=\"screen-reader-text\"> \u00abPER VERSO\u00bb<\/span><\/a><\/p>\n","protected":false},"author":2,"featured_media":5987,"comment_status":"closed","ping_status":"closed","template":"","meta":{"ngg_post_thumbnail":0},"tags":[],"mec_category":[8,6],"class_list":["post-5986","mec-events","type-mec-events","status-publish","has-post-thumbnail","hentry","mec_category-conciertos","mec_category-destacados"],"yoast_head":"<!-- This site is optimized with the Yoast SEO plugin v27.0 - https:\/\/yoast.com\/product\/yoast-seo-wordpress\/ -->\n<title>PER VERSO - WURLITZER BALLROOM<\/title>\n<meta name=\"robots\" content=\"index, follow, max-snippet:-1, max-image-preview:large, max-video-preview:-1\" \/>\n<link rel=\"canonical\" href=\"https:\/\/www.wurlitzerballroom.com\/?mec-events=per-verso\" \/>\n<meta property=\"og:locale\" content=\"es_ES\" \/>\n<meta property=\"og:type\" content=\"article\" \/>\n<meta property=\"og:title\" content=\"PER VERSO - WURLITZER BALLROOM\" \/>\n<meta property=\"og:description\" content=\"PER VERSO es el proyecto musical de Nacho de Castro, rock de autor para estos tiempos absurdos, canciones honestas y emocionales que se miran en el espejo de los grandes cl\u00e1sicos a trav\u00e9s de un prisma de contemporaneidad. \u00abApuntes para un bestiario emocional\u00bb es su primer \u00e1lbum, auto-producido y auto-editado, disponible en plataformas desde septiembre &hellip; Continuar leyendo &quot;PER VERSO&quot;\" \/>\n<meta property=\"og:url\" content=\"https:\/\/www.wurlitzerballroom.com\/?mec-events=per-verso\" \/>\n<meta property=\"og:site_name\" content=\"WURLITZER BALLROOM\" \/>\n<meta property=\"article:publisher\" content=\"https:\/\/www.facebook.com\/wurlitzerballroom\" \/>\n<meta property=\"article:modified_time\" content=\"2026-03-24T20:25:10+00:00\" \/>\n<meta property=\"og:image\" content=\"https:\/\/www.wurlitzerballroom.com\/wp-content\/uploads\/2026\/02\/event_m_Cartel_PER_VERSO.jpg\" \/>\n\t<meta property=\"og:image:width\" content=\"255\" \/>\n\t<meta property=\"og:image:height\" content=\"359\" \/>\n\t<meta property=\"og:image:type\" content=\"image\/jpeg\" \/>\n<meta name=\"twitter:card\" content=\"summary_large_image\" \/>\n<meta name=\"twitter:site\" content=\"@wurlitzerball\" \/>\n<meta name=\"twitter:label1\" content=\"Tiempo de lectura\" \/>\n\t<meta name=\"twitter:data1\" content=\"1 minuto\" \/>\n<script type=\"application\/ld+json\" class=\"yoast-schema-graph\">{\"@context\":\"https:\/\/schema.org\",\"@graph\":[{\"@type\":\"WebPage\",\"@id\":\"https:\/\/www.wurlitzerballroom.com\/?mec-events=per-verso\",\"url\":\"https:\/\/www.wurlitzerballroom.com\/?mec-events=per-verso\",\"name\":\"PER VERSO - WURLITZER BALLROOM\",\"isPartOf\":{\"@id\":\"https:\/\/www.wurlitzerballroom.com\/#website\"},\"primaryImageOfPage\":{\"@id\":\"https:\/\/www.wurlitzerballroom.com\/?mec-events=per-verso#primaryimage\"},\"image\":{\"@id\":\"https:\/\/www.wurlitzerballroom.com\/?mec-events=per-verso#primaryimage\"},\"thumbnailUrl\":\"https:\/\/www.wurlitzerballroom.com\/wp-content\/uploads\/2026\/02\/event_m_Cartel_PER_VERSO.jpg\",\"datePublished\":\"2026-02-24T18:17:14+00:00\",\"dateModified\":\"2026-03-24T20:25:10+00:00\",\"breadcrumb\":{\"@id\":\"https:\/\/www.wurlitzerballroom.com\/?mec-events=per-verso#breadcrumb\"},\"inLanguage\":\"es\",\"potentialAction\":[{\"@type\":\"ReadAction\",\"target\":[\"https:\/\/www.wurlitzerballroom.com\/?mec-events=per-verso\"]}]},{\"@type\":\"ImageObject\",\"inLanguage\":\"es\",\"@id\":\"https:\/\/www.wurlitzerballroom.com\/?mec-events=per-verso#primaryimage\",\"url\":\"https:\/\/www.wurlitzerballroom.com\/wp-content\/uploads\/2026\/02\/event_m_Cartel_PER_VERSO.jpg\",\"contentUrl\":\"https:\/\/www.wurlitzerballroom.com\/wp-content\/uploads\/2026\/02\/event_m_Cartel_PER_VERSO.jpg\",\"width\":255,\"height\":359},{\"@type\":\"BreadcrumbList\",\"@id\":\"https:\/\/www.wurlitzerballroom.com\/?mec-events=per-verso#breadcrumb\",\"itemListElement\":[{\"@type\":\"ListItem\",\"position\":1,\"name\":\"Portada\",\"item\":\"https:\/\/www.wurlitzerballroom.com\/\"},{\"@type\":\"ListItem\",\"position\":2,\"name\":\"Eventos\",\"item\":\"https:\/\/www.wurlitzerballroom.com\/?post_type=mec-events\"},{\"@type\":\"ListItem\",\"position\":3,\"name\":\"PER VERSO\"}]},{\"@type\":\"WebSite\",\"@id\":\"https:\/\/www.wurlitzerballroom.com\/#website\",\"url\":\"https:\/\/www.wurlitzerballroom.com\/\",\"name\":\"WURLITZER BALLROOM\",\"description\":\"Madrid best uderground rock venue\",\"publisher\":{\"@id\":\"https:\/\/www.wurlitzerballroom.com\/#organization\"},\"potentialAction\":[{\"@type\":\"SearchAction\",\"target\":{\"@type\":\"EntryPoint\",\"urlTemplate\":\"https:\/\/www.wurlitzerballroom.com\/?s={search_term_string}\"},\"query-input\":{\"@type\":\"PropertyValueSpecification\",\"valueRequired\":true,\"valueName\":\"search_term_string\"}}],\"inLanguage\":\"es\"},{\"@type\":\"Organization\",\"@id\":\"https:\/\/www.wurlitzerballroom.com\/#organization\",\"name\":\"WURLITZER BALLROOM\",\"alternateName\":\"WURLI\",\"url\":\"https:\/\/www.wurlitzerballroom.com\/\",\"logo\":{\"@type\":\"ImageObject\",\"inLanguage\":\"es\",\"@id\":\"https:\/\/www.wurlitzerballroom.com\/#\/schema\/logo\/image\/\",\"url\":\"https:\/\/www.wurlitzerballroom.com\/wp-content\/uploads\/2020\/05\/logo300_web-1.jpg\",\"contentUrl\":\"https:\/\/www.wurlitzerballroom.com\/wp-content\/uploads\/2020\/05\/logo300_web-1.jpg\",\"width\":851,\"height\":315,\"caption\":\"WURLITZER BALLROOM\"},\"image\":{\"@id\":\"https:\/\/www.wurlitzerballroom.com\/#\/schema\/logo\/image\/\"},\"sameAs\":[\"https:\/\/www.facebook.com\/wurlitzerballroom\",\"https:\/\/x.com\/wurlitzerball\",\"https:\/\/www.instagram.com\/wurlitzerballroom\",\"https:\/\/open.spotify.com\/user\/11131570866?si=9994fd4ace8d4ea5\"]}]}<\/script>\n<!-- \/ Yoast SEO plugin. -->","yoast_head_json":{"title":"PER VERSO - WURLITZER BALLROOM","robots":{"index":"index","follow":"follow","max-snippet":"max-snippet:-1","max-image-preview":"max-image-preview:large","max-video-preview":"max-video-preview:-1"},"canonical":"https:\/\/www.wurlitzerballroom.com\/?mec-events=per-verso","og_locale":"es_ES","og_type":"article","og_title":"PER VERSO - WURLITZER BALLROOM","og_description":"PER VERSO es el proyecto musical de Nacho de Castro, rock de autor para estos tiempos absurdos, canciones honestas y emocionales que se miran en el espejo de los grandes cl\u00e1sicos a trav\u00e9s de un prisma de contemporaneidad. \u00abApuntes para un bestiario emocional\u00bb es su primer \u00e1lbum, auto-producido y auto-editado, disponible en plataformas desde septiembre &hellip; Continuar leyendo \"PER VERSO\"","og_url":"https:\/\/www.wurlitzerballroom.com\/?mec-events=per-verso","og_site_name":"WURLITZER BALLROOM","article_publisher":"https:\/\/www.facebook.com\/wurlitzerballroom","article_modified_time":"2026-03-24T20:25:10+00:00","og_image":[{"width":255,"height":359,"url":"https:\/\/www.wurlitzerballroom.com\/wp-content\/uploads\/2026\/02\/event_m_Cartel_PER_VERSO.jpg","type":"image\/jpeg"}],"twitter_card":"summary_large_image","twitter_site":"@wurlitzerball","twitter_misc":{"Tiempo de lectura":"1 minuto"},"schema":{"@context":"https:\/\/schema.org","@graph":[{"@type":"WebPage","@id":"https:\/\/www.wurlitzerballroom.com\/?mec-events=per-verso","url":"https:\/\/www.wurlitzerballroom.com\/?mec-events=per-verso","name":"PER VERSO - WURLITZER BALLROOM","isPartOf":{"@id":"https:\/\/www.wurlitzerballroom.com\/#website"},"primaryImageOfPage":{"@id":"https:\/\/www.wurlitzerballroom.com\/?mec-events=per-verso#primaryimage"},"image":{"@id":"https:\/\/www.wurlitzerballroom.com\/?mec-events=per-verso#primaryimage"},"thumbnailUrl":"https:\/\/www.wurlitzerballroom.com\/wp-content\/uploads\/2026\/02\/event_m_Cartel_PER_VERSO.jpg","datePublished":"2026-02-24T18:17:14+00:00","dateModified":"2026-03-24T20:25:10+00:00","breadcrumb":{"@id":"https:\/\/www.wurlitzerballroom.com\/?mec-events=per-verso#breadcrumb"},"inLanguage":"es","potentialAction":[{"@type":"ReadAction","target":["https:\/\/www.wurlitzerballroom.com\/?mec-events=per-verso"]}]},{"@type":"ImageObject","inLanguage":"es","@id":"https:\/\/www.wurlitzerballroom.com\/?mec-events=per-verso#primaryimage","url":"https:\/\/www.wurlitzerballroom.com\/wp-content\/uploads\/2026\/02\/event_m_Cartel_PER_VERSO.jpg","contentUrl":"https:\/\/www.wurlitzerballroom.com\/wp-content\/uploads\/2026\/02\/event_m_Cartel_PER_VERSO.jpg","width":255,"height":359},{"@type":"BreadcrumbList","@id":"https:\/\/www.wurlitzerballroom.com\/?mec-events=per-verso#breadcrumb","itemListElement":[{"@type":"ListItem","position":1,"name":"Portada","item":"https:\/\/www.wurlitzerballroom.com\/"},{"@type":"ListItem","position":2,"name":"Eventos","item":"https:\/\/www.wurlitzerballroom.com\/?post_type=mec-events"},{"@type":"ListItem","position":3,"name":"PER VERSO"}]},{"@type":"WebSite","@id":"https:\/\/www.wurlitzerballroom.com\/#website","url":"https:\/\/www.wurlitzerballroom.com\/","name":"WURLITZER BALLROOM","description":"Madrid best uderground rock venue","publisher":{"@id":"https:\/\/www.wurlitzerballroom.com\/#organization"},"potentialAction":[{"@type":"SearchAction","target":{"@type":"EntryPoint","urlTemplate":"https:\/\/www.wurlitzerballroom.com\/?s={search_term_string}"},"query-input":{"@type":"PropertyValueSpecification","valueRequired":true,"valueName":"search_term_string"}}],"inLanguage":"es"},{"@type":"Organization","@id":"https:\/\/www.wurlitzerballroom.com\/#organization","name":"WURLITZER BALLROOM","alternateName":"WURLI","url":"https:\/\/www.wurlitzerballroom.com\/","logo":{"@type":"ImageObject","inLanguage":"es","@id":"https:\/\/www.wurlitzerballroom.com\/#\/schema\/logo\/image\/","url":"https:\/\/www.wurlitzerballroom.com\/wp-content\/uploads\/2020\/05\/logo300_web-1.jpg","contentUrl":"https:\/\/www.wurlitzerballroom.com\/wp-content\/uploads\/2020\/05\/logo300_web-1.jpg","width":851,"height":315,"caption":"WURLITZER BALLROOM"},"image":{"@id":"https:\/\/www.wurlitzerballroom.com\/#\/schema\/logo\/image\/"},"sameAs":["https:\/\/www.facebook.com\/wurlitzerballroom","https:\/\/x.com\/wurlitzerball","https:\/\/www.instagram.com\/wurlitzerballroom","https:\/\/open.spotify.com\/user\/11131570866?si=9994fd4ace8d4ea5"]}]}},"_links":{"self":[{"href":"https:\/\/www.wurlitzerballroom.com\/index.php?rest_route=\/wp\/v2\/mec-events\/5986","targetHints":{"allow":["GET"]}}],"collection":[{"href":"https:\/\/www.wurlitzerballroom.com\/index.php?rest_route=\/wp\/v2\/mec-events"}],"about":[{"href":"https:\/\/www.wurlitzerballroom.com\/index.php?rest_route=\/wp\/v2\/types\/mec-events"}],"author":[{"embeddable":true,"href":"https:\/\/www.wurlitzerballroom.com\/index.php?rest_route=\/wp\/v2\/users\/2"}],"replies":[{"embeddable":true,"href":"https:\/\/www.wurlitzerballroom.com\/index.php?rest_route=%2Fwp%2Fv2%2Fcomments&post=5986"}],"version-history":[{"count":1,"href":"https:\/\/www.wurlitzerballroom.com\/index.php?rest_route=\/wp\/v2\/mec-events\/5986\/revisions"}],"predecessor-version":[{"id":5988,"href":"https:\/\/www.wurlitzerballroom.com\/index.php?rest_route=\/wp\/v2\/mec-events\/5986\/revisions\/5988"}],"wp:featuredmedia":[{"embeddable":true,"href":"https:\/\/www.wurlitzerballroom.com\/index.php?rest_route=\/wp\/v2\/media\/5987"}],"wp:attachment":[{"href":"https:\/\/www.wurlitzerballroom.com\/index.php?rest_route=%2Fwp%2Fv2%2Fmedia&parent=5986"}],"wp:term":[{"taxonomy":"post_tag","embeddable":true,"href":"https:\/\/www.wurlitzerballroom.com\/index.php?rest_route=%2Fwp%2Fv2%2Ftags&post=5986"},{"taxonomy":"mec_category","embeddable":true,"href":"https:\/\/www.wurlitzerballroom.com\/index.php?rest_route=%2Fwp%2Fv2%2Fmec_category&post=5986"}],"curies":[{"name":"wp","href":"https:\/\/api.w.org\/{rel}","templated":true}]}}