{"id":5759,"date":"2025-12-30T20:42:48","date_gmt":"2025-12-30T19:42:48","guid":{"rendered":"https:\/\/www.wurlitzerballroom.com\/?post_type=mec-events&#038;p=5759"},"modified":"2025-12-30T22:20:02","modified_gmt":"2025-12-30T21:20:02","slug":"jill-yan-sebas-souza","status":"publish","type":"mec-events","link":"https:\/\/www.wurlitzerballroom.com\/?mec-events=jill-yan-sebas-souza","title":{"rendered":"jill yan + sebas souza"},"content":{"rendered":"<p>JILL YAN GROUP llega con un potente directo de rock-fusi\u00f3n instrumental donde la t\u00e9cnica y la emoci\u00f3n van de la mano.<\/p>\n<p>Con m\u00e1s de nueve \u00e1lbumes publicados y giras por Europa, el proyecto liderado por Jill Yan \u2014acompa\u00f1ado por los virtuosos JEREMY COLSON (Billy Idol, Marty Friedman, Steve Vai) en la bater\u00eda e Ivan de Luca (Marco Minnemann, Virgil Donati, Thomas Lang) al bajo\u2014 ofrece un show arrollador, impredecible y lleno de energ\u00eda.<\/p>\n<p>Un viaje musical sin reglas, donde cada pieza mezcla rock progresivo, metal, influencias \u00e9tnicas y una ejecuci\u00f3n impecable.<\/p>\n<p>Un concierto \u00fanico para amantes del virtuosismo, las texturas experimentales y la intensidad emocional en vivo.<\/p>\n<p>Contamos tambi\u00e9n con la actuaci\u00f3n de Sebas Souza, guitarrista solista y compositor de hard rock, metal cl\u00e1sico y progresivo, presenta un show cargado de fuerza, melod\u00eda y car\u00e1cter.<\/p>\n<p>Con m\u00e1s de 200 actuaciones \u2014incluyendo shows con artistas reconocidos y una gira por EE. UU. que culmin\u00f3 en el legendario Whisky a GoGo\u2014 Sebas combina virtuosismo, sensibilidad y un sonido que invita a viajar por otros universos.<\/p>\n<p>Interpretar\u00e1 piezas de sus discos que exploran emociones profundas, paisajes sonoros espaciales y una energ\u00eda rebelde y liberadora.<\/p>\n<p><iframe title=\"Spotify Embed: Sebastian Souza\" style=\"border-radius: 12px\" width=\"100%\" height=\"352\" frameborder=\"0\" allowfullscreen allow=\"autoplay; clipboard-write; encrypted-media; fullscreen; picture-in-picture\" loading=\"lazy\" src=\"https:\/\/open.spotify.com\/embed\/artist\/5J8g6Xiu6jHIbYJhI1ogDd?si=YAUmJcaJT96S-Hf4JMcrBA&amp;utm_source=oembed\"><\/iframe><\/p>\n<p>&nbsp;<\/p>\n","protected":false},"excerpt":{"rendered":"<p>JILL YAN GROUP llega con un potente directo de rock-fusi\u00f3n instrumental donde la t\u00e9cnica y la emoci\u00f3n van de la mano. Con m\u00e1s de nueve \u00e1lbumes publicados y giras por Europa, el proyecto liderado por Jill Yan \u2014acompa\u00f1ado por los virtuosos JEREMY COLSON (Billy Idol, Marty Friedman, Steve Vai) en la bater\u00eda e Ivan de &hellip; <\/p>\n<p class=\"link-more\"><a href=\"https:\/\/www.wurlitzerballroom.com\/?mec-events=jill-yan-sebas-souza\" class=\"more-link\">Continuar leyendo<span class=\"screen-reader-text\"> \u00abjill yan + sebas souza\u00bb<\/span><\/a><\/p>\n","protected":false},"author":2,"featured_media":5761,"comment_status":"closed","ping_status":"closed","template":"","meta":{"ngg_post_thumbnail":0},"tags":[],"mec_category":[8,6],"class_list":["post-5759","mec-events","type-mec-events","status-publish","has-post-thumbnail","hentry","mec_category-conciertos","mec_category-destacados"],"yoast_head":"<!-- This site is optimized with the Yoast SEO plugin v27.0 - https:\/\/yoast.com\/product\/yoast-seo-wordpress\/ -->\n<title>jill yan + sebas souza - WURLITZER BALLROOM<\/title>\n<meta name=\"robots\" content=\"index, follow, max-snippet:-1, max-image-preview:large, max-video-preview:-1\" \/>\n<link rel=\"canonical\" href=\"https:\/\/www.wurlitzerballroom.com\/?mec-events=jill-yan-sebas-souza\" \/>\n<meta property=\"og:locale\" content=\"es_ES\" \/>\n<meta property=\"og:type\" content=\"article\" \/>\n<meta property=\"og:title\" content=\"jill yan + sebas souza - WURLITZER BALLROOM\" \/>\n<meta property=\"og:description\" content=\"JILL YAN GROUP llega con un potente directo de rock-fusi\u00f3n instrumental donde la t\u00e9cnica y la emoci\u00f3n van de la mano. Con m\u00e1s de nueve \u00e1lbumes publicados y giras por Europa, el proyecto liderado por Jill Yan \u2014acompa\u00f1ado por los virtuosos JEREMY COLSON (Billy Idol, Marty Friedman, Steve Vai) en la bater\u00eda e Ivan de &hellip; Continuar leyendo &quot;jill yan + sebas souza&quot;\" \/>\n<meta property=\"og:url\" content=\"https:\/\/www.wurlitzerballroom.com\/?mec-events=jill-yan-sebas-souza\" \/>\n<meta property=\"og:site_name\" content=\"WURLITZER BALLROOM\" \/>\n<meta property=\"article:publisher\" content=\"https:\/\/www.facebook.com\/wurlitzerballroom\" \/>\n<meta property=\"article:modified_time\" content=\"2025-12-30T21:20:02+00:00\" \/>\n<meta property=\"og:image\" content=\"https:\/\/www.wurlitzerballroom.com\/wp-content\/uploads\/2025\/12\/WhatsApp-Image-2025-12-10-at-23.09.38.jpeg\" \/>\n\t<meta property=\"og:image:width\" content=\"1080\" \/>\n\t<meta property=\"og:image:height\" content=\"1920\" \/>\n\t<meta property=\"og:image:type\" content=\"image\/jpeg\" \/>\n<meta name=\"twitter:card\" content=\"summary_large_image\" \/>\n<meta name=\"twitter:site\" content=\"@wurlitzerball\" \/>\n<meta name=\"twitter:label1\" content=\"Tiempo de lectura\" \/>\n\t<meta name=\"twitter:data1\" content=\"2 minutos\" \/>\n<script type=\"application\/ld+json\" class=\"yoast-schema-graph\">{\"@context\":\"https:\/\/schema.org\",\"@graph\":[{\"@type\":\"WebPage\",\"@id\":\"https:\/\/www.wurlitzerballroom.com\/?mec-events=jill-yan-sebas-souza\",\"url\":\"https:\/\/www.wurlitzerballroom.com\/?mec-events=jill-yan-sebas-souza\",\"name\":\"jill yan + sebas souza - WURLITZER BALLROOM\",\"isPartOf\":{\"@id\":\"https:\/\/www.wurlitzerballroom.com\/#website\"},\"primaryImageOfPage\":{\"@id\":\"https:\/\/www.wurlitzerballroom.com\/?mec-events=jill-yan-sebas-souza#primaryimage\"},\"image\":{\"@id\":\"https:\/\/www.wurlitzerballroom.com\/?mec-events=jill-yan-sebas-souza#primaryimage\"},\"thumbnailUrl\":\"https:\/\/www.wurlitzerballroom.com\/wp-content\/uploads\/2025\/12\/WhatsApp-Image-2025-12-10-at-23.09.38.jpeg\",\"datePublished\":\"2025-12-30T19:42:48+00:00\",\"dateModified\":\"2025-12-30T21:20:02+00:00\",\"breadcrumb\":{\"@id\":\"https:\/\/www.wurlitzerballroom.com\/?mec-events=jill-yan-sebas-souza#breadcrumb\"},\"inLanguage\":\"es\",\"potentialAction\":[{\"@type\":\"ReadAction\",\"target\":[\"https:\/\/www.wurlitzerballroom.com\/?mec-events=jill-yan-sebas-souza\"]}]},{\"@type\":\"ImageObject\",\"inLanguage\":\"es\",\"@id\":\"https:\/\/www.wurlitzerballroom.com\/?mec-events=jill-yan-sebas-souza#primaryimage\",\"url\":\"https:\/\/www.wurlitzerballroom.com\/wp-content\/uploads\/2025\/12\/WhatsApp-Image-2025-12-10-at-23.09.38.jpeg\",\"contentUrl\":\"https:\/\/www.wurlitzerballroom.com\/wp-content\/uploads\/2025\/12\/WhatsApp-Image-2025-12-10-at-23.09.38.jpeg\",\"width\":1080,\"height\":1920},{\"@type\":\"BreadcrumbList\",\"@id\":\"https:\/\/www.wurlitzerballroom.com\/?mec-events=jill-yan-sebas-souza#breadcrumb\",\"itemListElement\":[{\"@type\":\"ListItem\",\"position\":1,\"name\":\"Portada\",\"item\":\"https:\/\/www.wurlitzerballroom.com\/\"},{\"@type\":\"ListItem\",\"position\":2,\"name\":\"Eventos\",\"item\":\"https:\/\/www.wurlitzerballroom.com\/?post_type=mec-events\"},{\"@type\":\"ListItem\",\"position\":3,\"name\":\"jill yan + sebas souza\"}]},{\"@type\":\"WebSite\",\"@id\":\"https:\/\/www.wurlitzerballroom.com\/#website\",\"url\":\"https:\/\/www.wurlitzerballroom.com\/\",\"name\":\"WURLITZER BALLROOM\",\"description\":\"Madrid best uderground rock venue\",\"publisher\":{\"@id\":\"https:\/\/www.wurlitzerballroom.com\/#organization\"},\"potentialAction\":[{\"@type\":\"SearchAction\",\"target\":{\"@type\":\"EntryPoint\",\"urlTemplate\":\"https:\/\/www.wurlitzerballroom.com\/?s={search_term_string}\"},\"query-input\":{\"@type\":\"PropertyValueSpecification\",\"valueRequired\":true,\"valueName\":\"search_term_string\"}}],\"inLanguage\":\"es\"},{\"@type\":\"Organization\",\"@id\":\"https:\/\/www.wurlitzerballroom.com\/#organization\",\"name\":\"WURLITZER BALLROOM\",\"alternateName\":\"WURLI\",\"url\":\"https:\/\/www.wurlitzerballroom.com\/\",\"logo\":{\"@type\":\"ImageObject\",\"inLanguage\":\"es\",\"@id\":\"https:\/\/www.wurlitzerballroom.com\/#\/schema\/logo\/image\/\",\"url\":\"https:\/\/www.wurlitzerballroom.com\/wp-content\/uploads\/2020\/05\/logo300_web-1.jpg\",\"contentUrl\":\"https:\/\/www.wurlitzerballroom.com\/wp-content\/uploads\/2020\/05\/logo300_web-1.jpg\",\"width\":851,\"height\":315,\"caption\":\"WURLITZER BALLROOM\"},\"image\":{\"@id\":\"https:\/\/www.wurlitzerballroom.com\/#\/schema\/logo\/image\/\"},\"sameAs\":[\"https:\/\/www.facebook.com\/wurlitzerballroom\",\"https:\/\/x.com\/wurlitzerball\",\"https:\/\/www.instagram.com\/wurlitzerballroom\",\"https:\/\/open.spotify.com\/user\/11131570866?si=9994fd4ace8d4ea5\"]}]}<\/script>\n<!-- \/ Yoast SEO plugin. -->","yoast_head_json":{"title":"jill yan + sebas souza - WURLITZER BALLROOM","robots":{"index":"index","follow":"follow","max-snippet":"max-snippet:-1","max-image-preview":"max-image-preview:large","max-video-preview":"max-video-preview:-1"},"canonical":"https:\/\/www.wurlitzerballroom.com\/?mec-events=jill-yan-sebas-souza","og_locale":"es_ES","og_type":"article","og_title":"jill yan + sebas souza - WURLITZER BALLROOM","og_description":"JILL YAN GROUP llega con un potente directo de rock-fusi\u00f3n instrumental donde la t\u00e9cnica y la emoci\u00f3n van de la mano. Con m\u00e1s de nueve \u00e1lbumes publicados y giras por Europa, el proyecto liderado por Jill Yan \u2014acompa\u00f1ado por los virtuosos JEREMY COLSON (Billy Idol, Marty Friedman, Steve Vai) en la bater\u00eda e Ivan de &hellip; Continuar leyendo \"jill yan + sebas souza\"","og_url":"https:\/\/www.wurlitzerballroom.com\/?mec-events=jill-yan-sebas-souza","og_site_name":"WURLITZER BALLROOM","article_publisher":"https:\/\/www.facebook.com\/wurlitzerballroom","article_modified_time":"2025-12-30T21:20:02+00:00","og_image":[{"width":1080,"height":1920,"url":"https:\/\/www.wurlitzerballroom.com\/wp-content\/uploads\/2025\/12\/WhatsApp-Image-2025-12-10-at-23.09.38.jpeg","type":"image\/jpeg"}],"twitter_card":"summary_large_image","twitter_site":"@wurlitzerball","twitter_misc":{"Tiempo de lectura":"2 minutos"},"schema":{"@context":"https:\/\/schema.org","@graph":[{"@type":"WebPage","@id":"https:\/\/www.wurlitzerballroom.com\/?mec-events=jill-yan-sebas-souza","url":"https:\/\/www.wurlitzerballroom.com\/?mec-events=jill-yan-sebas-souza","name":"jill yan + sebas souza - WURLITZER BALLROOM","isPartOf":{"@id":"https:\/\/www.wurlitzerballroom.com\/#website"},"primaryImageOfPage":{"@id":"https:\/\/www.wurlitzerballroom.com\/?mec-events=jill-yan-sebas-souza#primaryimage"},"image":{"@id":"https:\/\/www.wurlitzerballroom.com\/?mec-events=jill-yan-sebas-souza#primaryimage"},"thumbnailUrl":"https:\/\/www.wurlitzerballroom.com\/wp-content\/uploads\/2025\/12\/WhatsApp-Image-2025-12-10-at-23.09.38.jpeg","datePublished":"2025-12-30T19:42:48+00:00","dateModified":"2025-12-30T21:20:02+00:00","breadcrumb":{"@id":"https:\/\/www.wurlitzerballroom.com\/?mec-events=jill-yan-sebas-souza#breadcrumb"},"inLanguage":"es","potentialAction":[{"@type":"ReadAction","target":["https:\/\/www.wurlitzerballroom.com\/?mec-events=jill-yan-sebas-souza"]}]},{"@type":"ImageObject","inLanguage":"es","@id":"https:\/\/www.wurlitzerballroom.com\/?mec-events=jill-yan-sebas-souza#primaryimage","url":"https:\/\/www.wurlitzerballroom.com\/wp-content\/uploads\/2025\/12\/WhatsApp-Image-2025-12-10-at-23.09.38.jpeg","contentUrl":"https:\/\/www.wurlitzerballroom.com\/wp-content\/uploads\/2025\/12\/WhatsApp-Image-2025-12-10-at-23.09.38.jpeg","width":1080,"height":1920},{"@type":"BreadcrumbList","@id":"https:\/\/www.wurlitzerballroom.com\/?mec-events=jill-yan-sebas-souza#breadcrumb","itemListElement":[{"@type":"ListItem","position":1,"name":"Portada","item":"https:\/\/www.wurlitzerballroom.com\/"},{"@type":"ListItem","position":2,"name":"Eventos","item":"https:\/\/www.wurlitzerballroom.com\/?post_type=mec-events"},{"@type":"ListItem","position":3,"name":"jill yan + sebas souza"}]},{"@type":"WebSite","@id":"https:\/\/www.wurlitzerballroom.com\/#website","url":"https:\/\/www.wurlitzerballroom.com\/","name":"WURLITZER BALLROOM","description":"Madrid best uderground rock venue","publisher":{"@id":"https:\/\/www.wurlitzerballroom.com\/#organization"},"potentialAction":[{"@type":"SearchAction","target":{"@type":"EntryPoint","urlTemplate":"https:\/\/www.wurlitzerballroom.com\/?s={search_term_string}"},"query-input":{"@type":"PropertyValueSpecification","valueRequired":true,"valueName":"search_term_string"}}],"inLanguage":"es"},{"@type":"Organization","@id":"https:\/\/www.wurlitzerballroom.com\/#organization","name":"WURLITZER BALLROOM","alternateName":"WURLI","url":"https:\/\/www.wurlitzerballroom.com\/","logo":{"@type":"ImageObject","inLanguage":"es","@id":"https:\/\/www.wurlitzerballroom.com\/#\/schema\/logo\/image\/","url":"https:\/\/www.wurlitzerballroom.com\/wp-content\/uploads\/2020\/05\/logo300_web-1.jpg","contentUrl":"https:\/\/www.wurlitzerballroom.com\/wp-content\/uploads\/2020\/05\/logo300_web-1.jpg","width":851,"height":315,"caption":"WURLITZER BALLROOM"},"image":{"@id":"https:\/\/www.wurlitzerballroom.com\/#\/schema\/logo\/image\/"},"sameAs":["https:\/\/www.facebook.com\/wurlitzerballroom","https:\/\/x.com\/wurlitzerball","https:\/\/www.instagram.com\/wurlitzerballroom","https:\/\/open.spotify.com\/user\/11131570866?si=9994fd4ace8d4ea5"]}]}},"_links":{"self":[{"href":"https:\/\/www.wurlitzerballroom.com\/index.php?rest_route=\/wp\/v2\/mec-events\/5759","targetHints":{"allow":["GET"]}}],"collection":[{"href":"https:\/\/www.wurlitzerballroom.com\/index.php?rest_route=\/wp\/v2\/mec-events"}],"about":[{"href":"https:\/\/www.wurlitzerballroom.com\/index.php?rest_route=\/wp\/v2\/types\/mec-events"}],"author":[{"embeddable":true,"href":"https:\/\/www.wurlitzerballroom.com\/index.php?rest_route=\/wp\/v2\/users\/2"}],"replies":[{"embeddable":true,"href":"https:\/\/www.wurlitzerballroom.com\/index.php?rest_route=%2Fwp%2Fv2%2Fcomments&post=5759"}],"version-history":[{"count":2,"href":"https:\/\/www.wurlitzerballroom.com\/index.php?rest_route=\/wp\/v2\/mec-events\/5759\/revisions"}],"predecessor-version":[{"id":5762,"href":"https:\/\/www.wurlitzerballroom.com\/index.php?rest_route=\/wp\/v2\/mec-events\/5759\/revisions\/5762"}],"wp:featuredmedia":[{"embeddable":true,"href":"https:\/\/www.wurlitzerballroom.com\/index.php?rest_route=\/wp\/v2\/media\/5761"}],"wp:attachment":[{"href":"https:\/\/www.wurlitzerballroom.com\/index.php?rest_route=%2Fwp%2Fv2%2Fmedia&parent=5759"}],"wp:term":[{"taxonomy":"post_tag","embeddable":true,"href":"https:\/\/www.wurlitzerballroom.com\/index.php?rest_route=%2Fwp%2Fv2%2Ftags&post=5759"},{"taxonomy":"mec_category","embeddable":true,"href":"https:\/\/www.wurlitzerballroom.com\/index.php?rest_route=%2Fwp%2Fv2%2Fmec_category&post=5759"}],"curies":[{"name":"wp","href":"https:\/\/api.w.org\/{rel}","templated":true}]}}